{"id":10165,"date":"2024-02-05T11:12:34","date_gmt":"2024-02-05T10:12:34","guid":{"rendered":"https:\/\/ovatourisme.be\/la-heid-des-gattes\/"},"modified":"2024-02-05T11:12:37","modified_gmt":"2024-02-05T10:12:37","slug":"la-heid-des-gattes","status":"publish","type":"page","link":"https:\/\/visitova.be\/de\/didaktische-tafeln\/la-heid-des-gattes\/","title":{"rendered":"La Heid des Gattes"},"content":{"rendered":"<p>[et_pb_section fb_built=&#8220;1&#8243; _builder_version=&#8220;4.23.4&#8243; _module_preset=&#8220;default&#8220; min_height=&#8220;636.4px&#8220; global_colors_info=&#8220;{}&#8220;][et_pb_row _builder_version=&#8220;4.23.4&#8243; _module_preset=&#8220;default&#8220; global_colors_info=&#8220;{}&#8220;][et_pb_column type=&#8220;4_4&#8243; _builder_version=&#8220;4.23.4&#8243; _module_preset=&#8220;default&#8220; global_colors_info=&#8220;{}&#8220;][et_pb_post_title _builder_version=&#8220;4.23.4&#8243; _module_preset=&#8220;default&#8220; global_colors_info=&#8220;{}&#8220;][\/et_pb_post_title][\/et_pb_column][\/et_pb_row][et_pb_row column_structure=&#8220;1_2,1_2&#8243; _builder_version=&#8220;4.23.4&#8243; _module_preset=&#8220;default&#8220; global_colors_info=&#8220;{}&#8220;][et_pb_column type=&#8220;1_2&#8243; _builder_version=&#8220;4.23.4&#8243; _module_preset=&#8220;default&#8220; global_colors_info=&#8220;{}&#8220;][et_pb_image src=&#8220;https:\/\/ovatourisme.be\/wp-content\/uploads\/2024\/01\/Heid-des-Gattes-C.-Heinesch16.jpg&#8220; _builder_version=&#8220;4.23.4&#8243; _module_preset=&#8220;default&#8220; global_colors_info=&#8220;{}&#8220;][\/et_pb_image][\/et_pb_column][et_pb_column type=&#8220;1_2&#8243; _builder_version=&#8220;4.23.4&#8243; _module_preset=&#8220;default&#8220; global_colors_info=&#8220;{}&#8220;][et_pb_text _builder_version=&#8220;4.23.4&#8243; _module_preset=&#8220;default&#8220; text_font_size=&#8220;16px&#8220; global_colors_info=&#8220;{}&#8220;]<\/p>\n<p>Das <span>Naturreservat<\/span> \u00ab <a href=\"http:\/\/www.heiddesgattes.be\/\" target=\"_blank\" rel=\"noopener noreferrer\">La Heid des Gattes<\/a> \u00bb ist ein <span>wundersch\u00f6nes<\/span> Gebiet von rund 60 Hektar und umfasst die Steinbr\u00fcche \u00ab La Heid des Gattes, \u00ab Goiveux \u00bb und \u00ab Falize \u00bb sowie ein angrenzendes, aus W\u00e4ldern und Heckenlandschaften bestehendes Gebiet.<\/p>\n<p>.<\/p>\n<p>Das Naturschutzgebiet dominiert das rechte Ufer der Amel zwischen Remouchamps und Aywaille und wird von der VoG <span>\u00ab<\/span> <a href=\"http:\/\/ardenne-et-gaume.be\/\">Ardenne&amp;Gaume<\/a> \u00bb verwaltet.<\/p>\n<p>[\/et_pb_text][\/et_pb_column][\/et_pb_row][\/et_pb_section][et_pb_section fb_built=&#8220;1&#8243; _builder_version=&#8220;4.23.4&#8243; _module_preset=&#8220;default&#8220; custom_padding=&#8220;0px|||||&#8220; global_colors_info=&#8220;{}&#8220;][et_pb_row column_structure=&#8220;1_2,1_2&#8243; _builder_version=&#8220;4.23.4&#8243; _module_preset=&#8220;default&#8220; global_colors_info=&#8220;{}&#8220;][et_pb_column type=&#8220;1_2&#8243; _builder_version=&#8220;4.23.4&#8243; _module_preset=&#8220;default&#8220; global_colors_info=&#8220;{}&#8220;][et_pb_text _builder_version=&#8220;4.23.4&#8243; _module_preset=&#8220;default&#8220; text_font_size=&#8220;16px&#8220; global_colors_info=&#8220;{}&#8220;]<\/p>\n<p>Es ist die au\u00dfergew\u00f6hnliche Flora die dem Ort seinen internationalen Ruf verleiht. Sehr seltene Pflanzen, aber vor allem neuartige Pflanzenverbindungen wachsen auf dem S\u00fcdhang auf d\u00fcnnem Sand- und Kalksteinboden. <\/p>\n<p>Die T\u00fcmpel am Fu\u00dfe der Felswand sind ein ideales Laichgebiet f\u00fcr zahlreiche Amphibienarten.<\/p>\n<p>Verschiedene Reptilien leben im Ger\u00f6ll, darunter die Mauereidechse und die Schlingnatter.<\/p>\n<p>Eine gro\u00dfe Anzahl w\u00e4rmeliebender, manchmal ungew\u00f6hlicher Insekten tummelt sich auf den Rasenfl\u00e4chen und sonnt sich auf Felsvorspr\u00fcngen.<\/p>\n<p>Noch spektakul\u00e4rer sind die Wanderfalken und die Uhus, die \u00fcber das Gebiet herrschen.<\/p>\n<p>Seit dem 16. September 2018 befinden sich verschiedene didaktische Tafeln im Gebiet, die den Besuchern helfen, die Besonderheiten dieses bemerkenswerten Ortes besser zu verstehen.<\/p>\n<p>[\/et_pb_text][\/et_pb_column][et_pb_column type=&#8220;1_2&#8243; _builder_version=&#8220;4.23.4&#8243; _module_preset=&#8220;default&#8220; global_colors_info=&#8220;{}&#8220;][et_pb_image src=&#8220;https:\/\/ovatourisme.be\/wp-content\/uploads\/2024\/01\/buse-variable-R-Dumoulin-2.jpg&#8220; _builder_version=&#8220;4.23.4&#8243; _module_preset=&#8220;default&#8220; width=&#8220;50.1%&#8220; custom_margin=&#8220;|||164px||&#8220; global_colors_info=&#8220;{}&#8220;][\/et_pb_image][\/et_pb_column][\/et_pb_row][et_pb_row _builder_version=&#8220;4.23.4&#8243; _module_preset=&#8220;default&#8220; custom_margin=&#8220;|auto|-56px|auto||&#8220; global_colors_info=&#8220;{}&#8220;][et_pb_column type=&#8220;4_4&#8243; _builder_version=&#8220;4.23.4&#8243; _module_preset=&#8220;default&#8220; global_colors_info=&#8220;{}&#8220;][et_pb_button button_url=&#8220;https:\/\/ovatourisme.be\/wp-content\/uploads\/2024\/01\/Heid-des-Gattes-Panneaux.pdf&#8220; button_text=&#8220;T\u00e9l\u00e9charger les panneaux didactiques&#8220; button_alignment=&#8220;center&#8220; _builder_version=&#8220;4.23.4&#8243; _module_preset=&#8220;default&#8220; global_colors_info=&#8220;{}&#8220;][\/et_pb_button][\/et_pb_column][\/et_pb_row][\/et_pb_section][et_pb_section fb_built=&#8220;1&#8243; _builder_version=&#8220;4.23.4&#8243; _module_preset=&#8220;default&#8220; custom_padding=&#8220;0px|||||&#8220; global_colors_info=&#8220;{}&#8220;][et_pb_row _builder_version=&#8220;4.23.4&#8243; _module_preset=&#8220;default&#8220; global_colors_info=&#8220;{}&#8220;][et_pb_column type=&#8220;4_4&#8243; _builder_version=&#8220;4.23.4&#8243; _module_preset=&#8220;default&#8220; global_colors_info=&#8220;{}&#8220;][et_pb_image src=&#8220;https:\/\/ovatourisme.be\/wp-content\/uploads\/2024\/01\/Heid-des-Gattes-Panneau-Titre.jpg&#8220; _builder_version=&#8220;4.23.4&#8243; _module_preset=&#8220;default&#8220; global_colors_info=&#8220;{}&#8220;][\/et_pb_image][et_pb_image src=&#8220;https:\/\/ovatourisme.be\/wp-content\/uploads\/2024\/01\/logo-decouverte-ova-pwdr-3.png&#8220; align=&#8220;center&#8220; _builder_version=&#8220;4.23.4&#8243; _module_preset=&#8220;default&#8220; global_colors_info=&#8220;{}&#8220;][\/et_pb_image][\/et_pb_column][\/et_pb_row][\/et_pb_section]<\/p>\n","protected":false},"excerpt":{"rendered":"<p>Das Naturreservat \u00ab La Heid des Gattes \u00bb ist ein wundersch\u00f6nes Gebiet von rund 60 Hektar und umfasst die Steinbr\u00fcche \u00ab La Heid des Gattes, \u00ab Goiveux \u00bb und \u00ab Falize \u00bb sowie ein angrenzendes, aus W\u00e4ldern und Heckenlandschaften bestehendes Gebiet. . Das Naturschutzgebiet dominiert das rechte Ufer der Amel zwischen Remouchamps und Aywaille und [&hellip;]<\/p>\n","protected":false},"author":53,"featured_media":0,"parent":10181,"menu_order":0,"comment_status":"closed","ping_status":"closed","template":"","meta":{"_acf_changed":false,"_et_pb_use_builder":"on","_et_pb_old_content":"","_et_gb_content_width":"","footnotes":""},"class_list":["post-10165","page","type-page","status-publish","hentry"],"acf":[],"yoast_head":"<!-- This site is optimized with the Yoast SEO plugin v25.5 - https:\/\/yoast.com\/wordpress\/plugins\/seo\/ -->\n<title>La Heid des Gattes - MT Ourthe-Vesdre-Ambl\u00e8ve<\/title>\n<meta name=\"robots\" content=\"index, follow, max-snippet:-1, max-image-preview:large, max-video-preview:-1\" \/>\n<link rel=\"canonical\" href=\"https:\/\/visitova.be\/de\/didaktische-tafeln\/la-heid-des-gattes\/\" \/>\n<meta property=\"og:locale\" content=\"de_DE\" \/>\n<meta property=\"og:type\" content=\"article\" \/>\n<meta property=\"og:title\" content=\"La Heid des Gattes - MT Ourthe-Vesdre-Ambl\u00e8ve\" \/>\n<meta property=\"og:description\" content=\"Das Naturreservat \u00ab La Heid des Gattes \u00bb ist ein wundersch\u00f6nes Gebiet von rund 60 Hektar und umfasst die Steinbr\u00fcche \u00ab La Heid des Gattes, \u00ab Goiveux \u00bb und \u00ab Falize \u00bb sowie ein angrenzendes, aus W\u00e4ldern und Heckenlandschaften bestehendes Gebiet. . Das Naturschutzgebiet dominiert das rechte Ufer der Amel zwischen Remouchamps und Aywaille und [&hellip;]\" \/>\n<meta property=\"og:url\" content=\"https:\/\/visitova.be\/de\/didaktische-tafeln\/la-heid-des-gattes\/\" \/>\n<meta property=\"og:site_name\" content=\"MT Ourthe-Vesdre-Ambl\u00e8ve\" \/>\n<meta property=\"article:modified_time\" content=\"2024-02-05T10:12:37+00:00\" \/>\n<meta name=\"twitter:card\" content=\"summary_large_image\" \/>\n<meta name=\"twitter:label1\" content=\"Gesch\u00e4tzte Lesezeit\" \/>\n\t<meta name=\"twitter:data1\" content=\"3\u00a0Minuten\" \/>\n<script type=\"application\/ld+json\" class=\"yoast-schema-graph\">{\"@context\":\"https:\/\/schema.org\",\"@graph\":[{\"@type\":\"WebPage\",\"@id\":\"https:\/\/visitova.be\/de\/didaktische-tafeln\/la-heid-des-gattes\/\",\"url\":\"https:\/\/visitova.be\/de\/didaktische-tafeln\/la-heid-des-gattes\/\",\"name\":\"La Heid des Gattes - MT Ourthe-Vesdre-Ambl\u00e8ve\",\"isPartOf\":{\"@id\":\"https:\/\/visitova.be\/de\/#website\"},\"datePublished\":\"2024-02-05T10:12:34+00:00\",\"dateModified\":\"2024-02-05T10:12:37+00:00\",\"breadcrumb\":{\"@id\":\"https:\/\/visitova.be\/de\/didaktische-tafeln\/la-heid-des-gattes\/#breadcrumb\"},\"inLanguage\":\"de\",\"potentialAction\":[{\"@type\":\"ReadAction\",\"target\":[\"https:\/\/visitova.be\/de\/didaktische-tafeln\/la-heid-des-gattes\/\"]}]},{\"@type\":\"BreadcrumbList\",\"@id\":\"https:\/\/visitova.be\/de\/didaktische-tafeln\/la-heid-des-gattes\/#breadcrumb\",\"itemListElement\":[{\"@type\":\"ListItem\",\"position\":1,\"name\":\"Accueil\",\"item\":\"https:\/\/visitova.be\/de\/\"},{\"@type\":\"ListItem\",\"position\":2,\"name\":\"Didaktische Tafeln\",\"item\":\"https:\/\/visitova.be\/de\/panneaux-didactiques\/\"},{\"@type\":\"ListItem\",\"position\":3,\"name\":\"La Heid des Gattes\"}]},{\"@type\":\"WebSite\",\"@id\":\"https:\/\/visitova.be\/de\/#website\",\"url\":\"https:\/\/visitova.be\/de\/\",\"name\":\"MT Ourthe-Vesdre-Ambl\u00e8ve\",\"description\":\"Bienvenue en Ourthe-Vesdre-Ambl\u00e8ve\",\"potentialAction\":[{\"@type\":\"SearchAction\",\"target\":{\"@type\":\"EntryPoint\",\"urlTemplate\":\"https:\/\/visitova.be\/de\/?s={search_term_string}\"},\"query-input\":{\"@type\":\"PropertyValueSpecification\",\"valueRequired\":true,\"valueName\":\"search_term_string\"}}],\"inLanguage\":\"de\"}]}<\/script>\n<!-- \/ Yoast SEO plugin. -->","yoast_head_json":{"title":"La Heid des Gattes - MT Ourthe-Vesdre-Ambl\u00e8ve","robots":{"index":"index","follow":"follow","max-snippet":"max-snippet:-1","max-image-preview":"max-image-preview:large","max-video-preview":"max-video-preview:-1"},"canonical":"https:\/\/visitova.be\/de\/didaktische-tafeln\/la-heid-des-gattes\/","og_locale":"de_DE","og_type":"article","og_title":"La Heid des Gattes - MT Ourthe-Vesdre-Ambl\u00e8ve","og_description":"Das Naturreservat \u00ab La Heid des Gattes \u00bb ist ein wundersch\u00f6nes Gebiet von rund 60 Hektar und umfasst die Steinbr\u00fcche \u00ab La Heid des Gattes, \u00ab Goiveux \u00bb und \u00ab Falize \u00bb sowie ein angrenzendes, aus W\u00e4ldern und Heckenlandschaften bestehendes Gebiet. . Das Naturschutzgebiet dominiert das rechte Ufer der Amel zwischen Remouchamps und Aywaille und [&hellip;]","og_url":"https:\/\/visitova.be\/de\/didaktische-tafeln\/la-heid-des-gattes\/","og_site_name":"MT Ourthe-Vesdre-Ambl\u00e8ve","article_modified_time":"2024-02-05T10:12:37+00:00","twitter_card":"summary_large_image","twitter_misc":{"Gesch\u00e4tzte Lesezeit":"3\u00a0Minuten"},"schema":{"@context":"https:\/\/schema.org","@graph":[{"@type":"WebPage","@id":"https:\/\/visitova.be\/de\/didaktische-tafeln\/la-heid-des-gattes\/","url":"https:\/\/visitova.be\/de\/didaktische-tafeln\/la-heid-des-gattes\/","name":"La Heid des Gattes - MT Ourthe-Vesdre-Ambl\u00e8ve","isPartOf":{"@id":"https:\/\/visitova.be\/de\/#website"},"datePublished":"2024-02-05T10:12:34+00:00","dateModified":"2024-02-05T10:12:37+00:00","breadcrumb":{"@id":"https:\/\/visitova.be\/de\/didaktische-tafeln\/la-heid-des-gattes\/#breadcrumb"},"inLanguage":"de","potentialAction":[{"@type":"ReadAction","target":["https:\/\/visitova.be\/de\/didaktische-tafeln\/la-heid-des-gattes\/"]}]},{"@type":"BreadcrumbList","@id":"https:\/\/visitova.be\/de\/didaktische-tafeln\/la-heid-des-gattes\/#breadcrumb","itemListElement":[{"@type":"ListItem","position":1,"name":"Accueil","item":"https:\/\/visitova.be\/de\/"},{"@type":"ListItem","position":2,"name":"Didaktische Tafeln","item":"https:\/\/visitova.be\/de\/panneaux-didactiques\/"},{"@type":"ListItem","position":3,"name":"La Heid des Gattes"}]},{"@type":"WebSite","@id":"https:\/\/visitova.be\/de\/#website","url":"https:\/\/visitova.be\/de\/","name":"MT Ourthe-Vesdre-Ambl\u00e8ve","description":"Bienvenue en Ourthe-Vesdre-Ambl\u00e8ve","potentialAction":[{"@type":"SearchAction","target":{"@type":"EntryPoint","urlTemplate":"https:\/\/visitova.be\/de\/?s={search_term_string}"},"query-input":{"@type":"PropertyValueSpecification","valueRequired":true,"valueName":"search_term_string"}}],"inLanguage":"de"}]}},"_links":{"self":[{"href":"https:\/\/visitova.be\/de\/wp-json\/wp\/v2\/pages\/10165"}],"collection":[{"href":"https:\/\/visitova.be\/de\/wp-json\/wp\/v2\/pages"}],"about":[{"href":"https:\/\/visitova.be\/de\/wp-json\/wp\/v2\/types\/page"}],"author":[{"embeddable":true,"href":"https:\/\/visitova.be\/de\/wp-json\/wp\/v2\/users\/53"}],"replies":[{"embeddable":true,"href":"https:\/\/visitova.be\/de\/wp-json\/wp\/v2\/comments?post=10165"}],"version-history":[{"count":2,"href":"https:\/\/visitova.be\/de\/wp-json\/wp\/v2\/pages\/10165\/revisions"}],"predecessor-version":[{"id":10167,"href":"https:\/\/visitova.be\/de\/wp-json\/wp\/v2\/pages\/10165\/revisions\/10167"}],"up":[{"embeddable":true,"href":"https:\/\/visitova.be\/de\/wp-json\/wp\/v2\/pages\/10181"}],"wp:attachment":[{"href":"https:\/\/visitova.be\/de\/wp-json\/wp\/v2\/media?parent=10165"}],"curies":[{"name":"wp","href":"https:\/\/api.w.org\/{rel}","templated":true}]}}