{"id":9251,"date":"2023-06-20T11:59:11","date_gmt":"2023-06-20T09:59:11","guid":{"rendered":"https:\/\/ovatourisme.be\/packagereisen\/"},"modified":"2023-06-20T11:59:13","modified_gmt":"2023-06-20T09:59:13","slug":"packagereisen","status":"publish","type":"page","link":"https:\/\/visitova.be\/de\/naturentdeckungen\/packagereisen\/","title":{"rendered":"Packagereisen"},"content":{"rendered":"<p>[et_pb_section fb_built=&#8220;1&#8243; _builder_version=&#8220;4.10.7&#8243; _module_preset=&#8220;default&#8220; custom_padding=&#8220;||0px|||&#8220; global_colors_info=&#8220;{}&#8220;][et_pb_row _builder_version=&#8220;4.10.7&#8243; _module_preset=&#8220;default&#8220; module_alignment=&#8220;center&#8220; global_colors_info=&#8220;{}&#8220;][et_pb_column type=&#8220;4_4&#8243; _builder_version=&#8220;4.10.7&#8243; _module_preset=&#8220;default&#8220; global_colors_info=&#8220;{}&#8220;][et_pb_image src=&#8220;https:\/\/ovatourisme.be\/wp-content\/uploads\/2023\/05\/Logo-itinerance.png&#8220; title_text=&#8220;Logo-itinerance&#8220; align=&#8220;center&#8220; _builder_version=&#8220;4.10.7&#8243; _module_preset=&#8220;default&#8220; width=&#8220;30%&#8220; module_alignment=&#8220;center&#8220; custom_padding=&#8220;|0px||||&#8220; global_colors_info=&#8220;{}&#8220;][\/et_pb_image][\/et_pb_column][\/et_pb_row][et_pb_row column_structure=&#8220;1_2,1_2&#8243; _builder_version=&#8220;4.10.7&#8243; _module_preset=&#8220;default&#8220; global_colors_info=&#8220;{}&#8220;][et_pb_column type=&#8220;1_2&#8243; _builder_version=&#8220;4.10.7&#8243; _module_preset=&#8220;default&#8220; global_colors_info=&#8220;{}&#8220;][et_pb_text _builder_version=&#8220;4.10.7&#8243; _module_preset=&#8220;default&#8220; text_text_color=&#8220;#13678b&#8220; global_colors_info=&#8220;{}&#8220;]<\/p>\n<h1>Entdecken Sie<br \/>das Land Ourthe-Vesdre-Ambl\u00e8ve<br \/>zu Fuss, mit dem Fahrrad, hoch zu Ross oder mit dem Kajak<br \/>in mehreren Tagen<br \/>von Unterkunft zu Unterkunft<\/h1>\n<p>[\/et_pb_text][et_pb_text _builder_version=&#8220;4.10.7&#8243; _module_preset=&#8220;default&#8220; min_height=&#8220;18px&#8220; custom_margin=&#8220;||-3px|||&#8220; global_colors_info=&#8220;{}&#8220;]<\/p>\n<h2>Ein organisiertes Abenteuer<\/h2>\n<p>[\/et_pb_text][et_pb_text _builder_version=&#8220;4.10.7&#8243; _module_preset=&#8220;default&#8220; text_font_size=&#8220;16px&#8220; global_colors_info=&#8220;{}&#8220;]<\/p>\n<p>Sie starten von einem G\u00e4stezimmer oder Hotel aus. Jeden Tag f\u00fchrt Sie eine neue Etappe auf den sch\u00f6nsten Wegen zur n\u00e4chsten Unterkunft.<\/p>\n<p>[\/et_pb_text][et_pb_text _builder_version=&#8220;4.10.7&#8243; _module_preset=&#8220;default&#8220; min_height=&#8220;18px&#8220; custom_margin=&#8220;||-3px|||&#8220; global_colors_info=&#8220;{}&#8220;]<\/p>\n<h2>Natur und Erbgut<\/h2>\n<p>[\/et_pb_text][et_pb_text _builder_version=&#8220;4.10.7&#8243; _module_preset=&#8220;default&#8220; text_font_size=&#8220;16px&#8220; global_colors_info=&#8220;{}&#8220;]<\/p>\n<p>Die Routen f\u00fchren zu zahlreichen Sehensw\u00fcrdigkeiten, zu den sch\u00f6nsten Aussichtspunkte und \u00fcber die malerischsten Wege unserer sch\u00f6nen Region.<\/p>\n<p>[\/et_pb_text][et_pb_text _builder_version=&#8220;4.10.7&#8243; _module_preset=&#8220;default&#8220; min_height=&#8220;18px&#8220; custom_margin=&#8220;||-3px|||&#8220; global_colors_info=&#8220;{}&#8220;]<\/p>\n<h2>Treffen Sie regionale Produzenten<\/h2>\n<p>[\/et_pb_text][et_pb_text _builder_version=&#8220;4.10.7&#8243; _module_preset=&#8220;default&#8220; text_font_size=&#8220;16px&#8220; global_colors_info=&#8220;{}&#8220;]<\/p>\n<p>Auf den Etappen lernen Sie auch die Produzenten und ihre verschiedenen Produkte kennen: Bier, K\u00e4se, Gem\u00fcse, Fleisch&#8230; menschliche Begegnungen voller Geschmack.<\/p>\n<p>[\/et_pb_text][et_pb_text _builder_version=&#8220;4.10.7&#8243; _module_preset=&#8220;default&#8220; min_height=&#8220;18px&#8220; custom_margin=&#8220;||-3px|||&#8220; global_colors_info=&#8220;{}&#8220;]<\/p>\n<h2>Reisen Sie &#8222;ohne Gep\u00e4ck&#8220;<\/h2>\n<p>[\/et_pb_text][et_pb_text _builder_version=&#8220;4.10.7&#8243; _module_preset=&#8220;default&#8220; text_font_size=&#8220;16px&#8220; global_colors_info=&#8220;{}&#8220;]<\/p>\n<p>Ein Gep\u00e4ckservice bringt Ihr Gep\u00e4ck zur n\u00e4chsten Unterkunft.<\/p>\n<p>[\/et_pb_text][et_pb_text _builder_version=&#8220;4.10.7&#8243; _module_preset=&#8220;default&#8220; min_height=&#8220;18px&#8220; custom_margin=&#8220;||-3px|||&#8220; global_colors_info=&#8220;{}&#8220;]<\/p>\n<h2>Mini-Regionall\u00e4den<\/h2>\n<p>[\/et_pb_text][et_pb_text _builder_version=&#8220;4.10.7&#8243; _module_preset=&#8220;default&#8220; text_font_size=&#8220;16px&#8220; global_colors_info=&#8220;{}&#8220;]<\/p>\n<p>Bei Ihren Gastgebern finden Sie eine Auswahl an lokalen Produkten (Bier, Marmelade, Kekse usw.).<\/p>\n<p>[\/et_pb_text][et_pb_text _builder_version=&#8220;4.10.7&#8243; _module_preset=&#8220;default&#8220; min_height=&#8220;18px&#8220; custom_margin=&#8220;||-3px|||&#8220; global_colors_info=&#8220;{}&#8220;]<\/p>\n<h2>Picknick mit regionalen Produkten<\/h2>\n<p>[\/et_pb_text][et_pb_text _builder_version=&#8220;4.10.7&#8243; _module_preset=&#8220;default&#8220; text_font_size=&#8220;16px&#8220; global_colors_info=&#8220;{}&#8220;]<\/p>\n<p>Nicht mit leerem Magen auf Abenteuerreise gehen! Wir bieten Ihnen die M\u00f6glichkeit, ein Picknick aus regionalen Produkten zu bestellen, das Sie unterwegs genie\u00dfen k\u00f6nnen.<\/p>\n<p>[\/et_pb_text][\/et_pb_column][et_pb_column type=&#8220;1_2&#8243; _builder_version=&#8220;4.10.7&#8243; _module_preset=&#8220;default&#8220; global_colors_info=&#8220;{}&#8220;][et_pb_image src=&#8220;https:\/\/ovatourisme.be\/wp-content\/uploads\/2023\/05\/itinerance-photos.png&#8220; title_text=&#8220;itinerance-photos&#8220; _builder_version=&#8220;4.10.7&#8243; _module_preset=&#8220;default&#8220; global_colors_info=&#8220;{}&#8220;][\/et_pb_image][et_pb_image src=&#8220;https:\/\/ovatourisme.be\/wp-content\/uploads\/2023\/05\/itinerance-photos-pique-nique.png&#8220; title_text=&#8220;itinerance-photos-pique-nique&#8220; _builder_version=&#8220;4.10.7&#8243; _module_preset=&#8220;default&#8220; global_colors_info=&#8220;{}&#8220;][\/et_pb_image][\/et_pb_column][\/et_pb_row][\/et_pb_section][et_pb_section fb_built=&#8220;1&#8243; _builder_version=&#8220;4.10.7&#8243; _module_preset=&#8220;default&#8220; custom_padding=&#8220;0px||0px|||&#8220; global_colors_info=&#8220;{}&#8220;][et_pb_row _builder_version=&#8220;4.10.7&#8243; _module_preset=&#8220;default&#8220; min_height=&#8220;104.4px&#8220; custom_padding=&#8220;||4px|||&#8220; global_colors_info=&#8220;{}&#8220;][et_pb_column type=&#8220;4_4&#8243; _builder_version=&#8220;4.10.7&#8243; _module_preset=&#8220;default&#8220; global_colors_info=&#8220;{}&#8220;][et_pb_text _builder_version=&#8220;4.10.7&#8243; _module_preset=&#8220;default&#8220; text_font=&#8220;|700|||||||&#8220; text_text_color=&#8220;#13678b&#8220; text_font_size=&#8220;24px&#8220; text_orientation=&#8220;center&#8220; width=&#8220;76%&#8220; max_width=&#8220;100%&#8220; module_alignment=&#8220;center&#8220; custom_margin=&#8220;||17px|||&#8220; global_colors_info=&#8220;{}&#8220;]<\/p>\n<p>Zu Fuss, mit dem Fahrrad, hoch zu Pferd oder mit dem Kajak Ein Dutzend Sehensw\u00fcrdigkeiten, ungef\u00e4hr hundert Produzenten und mehr als 700 Kilometer Wege!<\/p>\n<p>[\/et_pb_text][\/et_pb_column][\/et_pb_row][et_pb_row column_structure=&#8220;1_2,1_2&#8243; _builder_version=&#8220;4.10.7&#8243; _module_preset=&#8220;default&#8220; custom_padding=&#8220;16px|||||&#8220; global_colors_info=&#8220;{}&#8220;][et_pb_column type=&#8220;1_2&#8243; _builder_version=&#8220;4.10.7&#8243; _module_preset=&#8220;default&#8220; global_colors_info=&#8220;{}&#8220;][et_pb_code module_id=&#8220;ova-iti-walk-title&#8220; module_class=&#8220;ova-iti-walk-title&#8220; _builder_version=&#8220;4.10.7&#8243; _module_preset=&#8220;default&#8220; min_height=&#8220;45px&#8220; custom_margin=&#8220;||2px|||&#8220; hover_enabled=&#8220;0&#8243; global_colors_info=&#8220;{}&#8220; custom_css_main_element=&#8220;background-color: #C32328;||display: inline-block;||padding: 0.5rem 1rem;&#8220; sticky_enabled=&#8220;0&#8243;]<\/p>\n<h4><!-- [et_pb_line_break_holder] --> Marche<!-- [et_pb_line_break_holder] --><\/h4>\n<p>[\/et_pb_code][et_pb_text _builder_version=&#8220;4.10.7&#8243; _module_preset=&#8220;default&#8220; text_font_size=&#8220;16px&#8220; min_height=&#8220;47.6px&#8220; custom_margin=&#8220;||15px|||&#8220; custom_css_main_element=&#8220;margin-bottom: 15px !important;||  border: 1px solid #C32328;;||  margin-left: 38px;||  padding: 0.2rem;||  margin-top: -8px;&#8220; global_colors_info=&#8220;{}&#8220;]<\/p>\n<p><strong>Vier (kombinierbare) 3-Tages-Runden mit Etappen-Unterk\u00fcnften (+\/- 18 km pro Etappe)<\/strong><\/p>\n<p>[\/et_pb_text][et_pb_text module_id=&#8220;ova-iti-walk-list&#8220; module_class=&#8220;ova-iti-walk-list&#8220; _builder_version=&#8220;4.10.7&#8243; _module_preset=&#8220;default&#8220; text_font_size=&#8220;16px&#8220; global_colors_info=&#8220;{}&#8220;]<\/p>\n<ul>\n<li>\n<div><strong>LA SYLVESTRE<\/strong> <em>(\u00fcberwiegend im Wald)<\/em><br \/>Comblain-La-Tour\/Ferri\u00e8res\/Harz\u00e9\/Comblain-la-Tour.<\/div>\n<\/li>\n<li>\n<div><strong>L&#8217;\u00c9PICURIENNE<\/strong> <em>(Besichtigung bei regionalen Produzenten)<\/em><br \/>Comblain-La-Tour\/Tavier\/Esneux\/Comblain-La-Tour.<\/div>\n<\/li>\n<li>\n<div><strong>LA PATRIMONIALE<\/strong> <em>(besonderes Ergbut)<\/em><br \/>Esneux\/Chaudfontaine\/Remouchamps\/Esneux.<\/div>\n<\/li>\n<li>\n<div><strong>LA TORRENTIELLE<\/strong> <em>(h\u00e4ufig am Fluss entlang)<\/em><br \/>Harz\u00e9\/Remouchamps\/Stoumont\/Harz\u00e9<\/div>\n<\/li>\n<\/ul>\n<p>[\/et_pb_text][et_pb_text _builder_version=&#8220;4.10.7&#8243; _module_preset=&#8220;default&#8220; text_font_size=&#8220;16px&#8220; min_height=&#8220;33.6px&#8220; custom_margin=&#8220;||15px|||&#8220; custom_css_main_element=&#8220;margin-bottom: 15px !important;||  border: 1px solid #C32328;;||  margin-left: 38px;||  padding: 0.2rem;||  margin-top: -8px;&#8220; global_colors_info=&#8220;{}&#8220;]<\/p>\n<p><strong>F\u00fcnf (modulierbare) Kleeblattrunden um Esneux (+\/- 13 km pro Etappe)<\/strong><\/p>\n<p>[\/et_pb_text][et_pb_text module_id=&#8220;ova-iti-walk-list-boucle&#8220; module_class=&#8220;ova-iti-walk-list-boucle&#8220; _builder_version=&#8220;4.10.7&#8243; _module_preset=&#8220;default&#8220; text_font_size=&#8220;16px&#8220; global_colors_info=&#8220;{}&#8220;]<\/p>\n<ul>\n<li><strong>RUNDE NEUPR\u00c9<\/strong><\/li>\n<li><strong>RUNDE POULSEUR<\/strong><\/li>\n<li><strong>RUNDE FONTIN<\/strong><\/li>\n<li><strong>RUNDE HAYEN<\/strong><\/li>\n<li><strong>RUNDE TILFF<\/strong><\/li>\n<\/ul>\n<p>[\/et_pb_text][et_pb_code module_id=&#8220;ova-iti-bike-title&#8220; module_class=&#8220;ova-iti-bike-title&#8220; _builder_version=&#8220;4.10.7&#8243; _module_preset=&#8220;default&#8220; min_height=&#8220;45px&#8220; custom_margin=&#8220;||2px|||&#8220; global_colors_info=&#8220;{}&#8220;]<\/p>\n<h4> style=&#8220;<!-- [et_pb_line_break_holder] --> color:white; <!-- [et_pb_line_break_holder] --> background-color: #8EB742;<!-- [et_pb_line_break_holder] --> display: inline-block;<!-- [et_pb_line_break_holder] --> padding: 0.5rem 1rem;&#8220;&gt;<!-- [et_pb_line_break_holder] --> V\u00e9lo<!-- [et_pb_line_break_holder] --><\/h4>\n<p>[\/et_pb_code][et_pb_text _builder_version=&#8220;4.10.7&#8243; _module_preset=&#8220;default&#8220; text_font_size=&#8220;16px&#8220; min_height=&#8220;30px&#8220; custom_margin=&#8220;||15px|||&#8220; custom_padding=&#8220;||0px|||&#8220; custom_css_main_element=&#8220;margin-bottom: 15px !important;||  border: 1px solid #8EB742;;||  margin-left: 38px;||  padding: 0.2rem;||  margin-top: -8px;&#8220; global_colors_info=&#8220;{}&#8220;]<\/p>\n<p><strong>Zwei (modulierbare) 4-Tages-Runden mit Etappen-Unterk\u00fcnften<\/strong><\/p>\n<p>[\/et_pb_text][et_pb_text module_id=&#8220;ova-iti-bike-list&#8220; module_class=&#8220;ova-iti-bike-list&#8220; _builder_version=&#8220;4.10.7&#8243; _module_preset=&#8220;default&#8220; text_font_size=&#8220;16px&#8220; global_colors_info=&#8220;{}&#8220;]<\/p>\n<ul>\n<li>\n<div><strong>LA SPORTIVE<\/strong> (Etappen \u00fcber 30 &#8211; 40km)<br \/>Comblain-la-Tour\/Remouchamps\/Tilff\/Tavier\/Comblain-la-Tour.<\/div>\n<\/li>\n<li>\n<div><strong>LA TOURISTIQUE<\/strong> (Etappen \u00fcber 20 &#8211; 30km)<br \/>Comblain-la-Tour\/Harz\u00e9\/Stoumont\/Remouchamps\/Comblain-la-Tour.<\/div>\n<\/li>\n<\/ul>\n<p>[\/et_pb_text][\/et_pb_column][et_pb_column type=&#8220;1_2&#8243; _builder_version=&#8220;4.10.7&#8243; _module_preset=&#8220;default&#8220; global_colors_info=&#8220;{}&#8220;][et_pb_code module_id=&#8220;ova-iti-horse-title&#8220; module_class=&#8220;ova-iti-horse-title&#8220; _builder_version=&#8220;4.10.7&#8243; _module_preset=&#8220;default&#8220; min_height=&#8220;45px&#8220; custom_margin=&#8220;||2px|||&#8220; global_colors_info=&#8220;{}&#8220;]<\/p>\n<h4> style=&#8220;<!-- [et_pb_line_break_holder] --> color:white; <!-- [et_pb_line_break_holder] --> background-color: #7A70AD;<!-- [et_pb_line_break_holder] --> display: inline-block;<!-- [et_pb_line_break_holder] --> padding: 0.5rem 1rem;&#8220;&gt;<!-- [et_pb_line_break_holder] --> Cheval<!-- [et_pb_line_break_holder] --><\/h4>\n<p>[\/et_pb_code][et_pb_text _builder_version=&#8220;4.10.7&#8243; _module_preset=&#8220;default&#8220; text_font_size=&#8220;16px&#8220; min_height=&#8220;47.6px&#8220; custom_margin=&#8220;||15px|||&#8220; custom_css_main_element=&#8220;margin-bottom: 15px !important;||  border: 1px solid #7A70AD;;||  margin-left: 38px;||  padding: 0.2rem;||  margin-top: -8px;&#8220; global_colors_info=&#8220;{}&#8220;]<\/p>\n<p><strong>Eine 2-Tages Runde mit Etappen-Unterk\u00fcnften (+\/- 30km pro Etappe).<\/strong><\/p>\n<p>[\/et_pb_text][et_pb_text module_id=&#8220;ova-iti-horse-list&#8220; module_class=&#8220;ova-iti-horse-list&#8220; _builder_version=&#8220;4.10.7&#8243; _module_preset=&#8220;default&#8220; text_font_size=&#8220;16px&#8220; global_colors_info=&#8220;{}&#8220;]<\/p>\n<ul>\n<li>\n<div><strong>LA FORESTI\u00c8RE<\/strong> (\u00fcberwiegend im Wald)<br \/>\nStoumont\/Aywaille\/Stoumont.<\/div>\n<\/li>\n<\/ul>\n<p>[\/et_pb_text][et_pb_text _builder_version=&#8220;4.10.7&#8243; _module_preset=&#8220;default&#8220; text_font_size=&#8220;16px&#8220; min_height=&#8220;33.6px&#8220; custom_margin=&#8220;||15px|||&#8220; custom_css_main_element=&#8220;margin-bottom: 15px !important;||  border: 1px solid #7A70AD;||  margin-left: 38px;||  padding: 0.2rem;||  margin-top: -8px;&#8220; global_colors_info=&#8220;{}&#8220;]<\/p>\n<p><strong>Drei (modulierbare) Kleeblattrunden um Chaudfontaine (+\/- 20km pro Etappe).<\/strong><\/p>\n<p>[\/et_pb_text][et_pb_text module_id=&#8220;ova-iti-horse-list-boucle&#8220; module_class=&#8220;ova-iti-horse-list-boucle&#8220; _builder_version=&#8220;4.10.7&#8243; _module_preset=&#8220;default&#8220; text_font_size=&#8220;16px&#8220; global_colors_info=&#8220;{}&#8220;]<\/p>\n<ul>\n<li><strong>RUNDE NINANE<\/strong><\/li>\n<li><strong>RUNDE NESSONVAUX<\/strong><\/li>\n<li><strong>RUNDE TILFF<\/strong><\/li>\n<\/ul>\n<p>[\/et_pb_text][et_pb_code module_id=&#8220;ova-iti-kayak-title&#8220; module_class=&#8220;ova-iti-kayak-title&#8220; _builder_version=&#8220;4.10.7&#8243; _module_preset=&#8220;default&#8220; min_height=&#8220;45px&#8220; custom_margin=&#8220;||2px|||&#8220; global_colors_info=&#8220;{}&#8220;]<\/p>\n<h4> style=&#8220;<!-- [et_pb_line_break_holder] --> color:white; <!-- [et_pb_line_break_holder] --> background-color: #008CCF;<!-- [et_pb_line_break_holder] --> display: inline-block;<!-- [et_pb_line_break_holder] --> padding: 0.5rem 1rem;&#8220;&gt; Kayak <\/h4>\n<p>[\/et_pb_code][et_pb_text _builder_version=&#8220;4.10.7&#8243; _module_preset=&#8220;default&#8220; text_font_size=&#8220;16px&#8220; min_height=&#8220;47.6px&#8220; custom_margin=&#8220;||15px|||&#8220; custom_css_main_element=&#8220;margin-bottom: 15px !important;||  border: 1px solid #008CCF;;||  margin-left: 38px;||  padding: 0.2rem;||  margin-top: -8px;&#8220; global_colors_info=&#8220;{}&#8220;]<\/p>\n<p><strong>Zwei (modulierbare) Tage auf der Ourthe (8,4 und\/oder 15km) mit oder ohne Outdooraktivit\u00e4ten.<\/strong><\/p>\n<p>[\/et_pb_text][et_pb_text module_id=&#8220;ova-iti-kayak-list&#8220; module_class=&#8220;ova-iti-kayak-list&#8220; _builder_version=&#8220;4.10.7&#8243; _module_preset=&#8220;default&#8220; text_font_size=&#8220;16px&#8220; global_colors_info=&#8220;{}&#8220;]<\/p>\n<ul>\n<li>\n<div><strong>THE OUTSIDER<\/strong><br \/>Entweder 2 Tage Kjaktouren<br \/>Oder ein Tag Kajak und ein Tag Outdooradventure.<\/div>\n<\/li>\n<\/ul>\n<p>[\/et_pb_text][et_pb_code module_id=&#8220;ova-iti-pmr-title&#8220; module_class=&#8220;ova-iti-pmr-title&#8220; _builder_version=&#8220;4.10.7&#8243; _module_preset=&#8220;default&#8220; min_height=&#8220;45px&#8220; custom_margin=&#8220;||2px|||&#8220; global_colors_info=&#8220;{}&#8220;]<\/p>\n<h4> style=&#8220;<!-- [et_pb_line_break_holder] --> color:white; <!-- [et_pb_line_break_holder] --> background-color: #D67E29;<!-- [et_pb_line_break_holder] --> display: inline-block;<!-- [et_pb_line_break_holder] --> padding: 0.5rem 1rem;&#8220;&gt; PMR <\/h4>\n<p>[\/et_pb_code][et_pb_text _builder_version=&#8220;4.10.7&#8243; _module_preset=&#8220;default&#8220; text_font_size=&#8220;16px&#8220; min_height=&#8220;47.6px&#8220; custom_margin=&#8220;||15px|||&#8220; custom_css_main_element=&#8220;margin-bottom: 15px !important;||  border: 1px solid #D67E29;;||  margin-left: 38px;||  padding: 0.2rem;||  margin-top: -8px;&#8220; global_colors_info=&#8220;{}&#8220;]<\/p>\n<p><strong>Zwei (modulierbare) Kleeblattrunden um Tilff (+\/- 5km pro Etappe).<\/strong><\/p>\n<p>[\/et_pb_text][et_pb_text module_id=&#8220;ova-iti-pmr-list&#8220; module_class=&#8220;ova-iti-pmr-list&#8220; _builder_version=&#8220;4.10.7&#8243; _module_preset=&#8220;default&#8220; text_font_size=&#8220;16px&#8220; global_colors_info=&#8220;{}&#8220;]<\/p>\n<ul>\n<li>\n<div><strong>DIE ZWEI UFER<\/strong><\/div>\n<\/li>\n<li><strong>DIE M\u00dcHLENINSEL<\/strong><\/li>\n<\/ul>\n<p>[\/et_pb_text][\/et_pb_column][\/et_pb_row][et_pb_row column_structure=&#8220;1_2,1_2&#8243; _builder_version=&#8220;4.10.7&#8243; _module_preset=&#8220;default&#8220; global_colors_info=&#8220;{}&#8220;][et_pb_column type=&#8220;1_2&#8243; _builder_version=&#8220;4.10.7&#8243; _module_preset=&#8220;default&#8220; global_colors_info=&#8220;{}&#8220;][\/et_pb_column][et_pb_column type=&#8220;1_2&#8243; _builder_version=&#8220;4.10.7&#8243; _module_preset=&#8220;default&#8220; global_colors_info=&#8220;{}&#8220;][\/et_pb_column][\/et_pb_row][\/et_pb_section]<\/p>\n","protected":false},"excerpt":{"rendered":"<p>Entdecken Siedas Land Ourthe-Vesdre-Ambl\u00e8vezu Fuss, mit dem Fahrrad, hoch zu Ross oder mit dem Kajakin mehreren Tagenvon Unterkunft zu UnterkunftEin organisiertes AbenteuerSie starten von einem G\u00e4stezimmer oder Hotel aus. Jeden Tag f\u00fchrt Sie eine neue Etappe auf den sch\u00f6nsten Wegen zur n\u00e4chsten Unterkunft.Natur und ErbgutDie Routen f\u00fchren zu zahlreichen Sehensw\u00fcrdigkeiten, zu den sch\u00f6nsten Aussichtspunkte und [&hellip;]<\/p>\n","protected":false},"author":53,"featured_media":0,"parent":9353,"menu_order":0,"comment_status":"closed","ping_status":"closed","template":"","meta":{"_acf_changed":false,"_et_pb_use_builder":"on","_et_pb_old_content":"","_et_gb_content_width":"","footnotes":""},"class_list":["post-9251","page","type-page","status-publish","hentry"],"acf":[],"yoast_head":"<!-- This site is optimized with the Yoast SEO plugin v25.5 - https:\/\/yoast.com\/wordpress\/plugins\/seo\/ -->\n<title>Packagereisen - MT Ourthe-Vesdre-Ambl\u00e8ve<\/title>\n<meta name=\"robots\" content=\"index, follow, max-snippet:-1, max-image-preview:large, max-video-preview:-1\" \/>\n<link rel=\"canonical\" href=\"https:\/\/visitova.be\/de\/naturentdeckungen\/packagereisen\/\" \/>\n<meta property=\"og:locale\" content=\"de_DE\" \/>\n<meta property=\"og:type\" content=\"article\" \/>\n<meta property=\"og:title\" content=\"Packagereisen - MT Ourthe-Vesdre-Ambl\u00e8ve\" \/>\n<meta property=\"og:description\" content=\"Entdecken Siedas Land Ourthe-Vesdre-Ambl\u00e8vezu Fuss, mit dem Fahrrad, hoch zu Ross oder mit dem Kajakin mehreren Tagenvon Unterkunft zu UnterkunftEin organisiertes AbenteuerSie starten von einem G\u00e4stezimmer oder Hotel aus. Jeden Tag f\u00fchrt Sie eine neue Etappe auf den sch\u00f6nsten Wegen zur n\u00e4chsten Unterkunft.Natur und ErbgutDie Routen f\u00fchren zu zahlreichen Sehensw\u00fcrdigkeiten, zu den sch\u00f6nsten Aussichtspunkte und [&hellip;]\" \/>\n<meta property=\"og:url\" content=\"https:\/\/visitova.be\/de\/naturentdeckungen\/packagereisen\/\" \/>\n<meta property=\"og:site_name\" content=\"MT Ourthe-Vesdre-Ambl\u00e8ve\" \/>\n<meta property=\"article:modified_time\" content=\"2023-06-20T09:59:13+00:00\" \/>\n<meta name=\"twitter:card\" content=\"summary_large_image\" \/>\n<meta name=\"twitter:label1\" content=\"Gesch\u00e4tzte Lesezeit\" \/>\n\t<meta name=\"twitter:data1\" content=\"8\u00a0Minuten\" \/>\n<script type=\"application\/ld+json\" class=\"yoast-schema-graph\">{\"@context\":\"https:\/\/schema.org\",\"@graph\":[{\"@type\":\"WebPage\",\"@id\":\"https:\/\/visitova.be\/de\/naturentdeckungen\/packagereisen\/\",\"url\":\"https:\/\/visitova.be\/de\/naturentdeckungen\/packagereisen\/\",\"name\":\"Packagereisen - MT Ourthe-Vesdre-Ambl\u00e8ve\",\"isPartOf\":{\"@id\":\"https:\/\/visitova.be\/de\/#website\"},\"datePublished\":\"2023-06-20T09:59:11+00:00\",\"dateModified\":\"2023-06-20T09:59:13+00:00\",\"breadcrumb\":{\"@id\":\"https:\/\/visitova.be\/de\/naturentdeckungen\/packagereisen\/#breadcrumb\"},\"inLanguage\":\"de\",\"potentialAction\":[{\"@type\":\"ReadAction\",\"target\":[\"https:\/\/visitova.be\/de\/naturentdeckungen\/packagereisen\/\"]}]},{\"@type\":\"BreadcrumbList\",\"@id\":\"https:\/\/visitova.be\/de\/naturentdeckungen\/packagereisen\/#breadcrumb\",\"itemListElement\":[{\"@type\":\"ListItem\",\"position\":1,\"name\":\"Accueil\",\"item\":\"https:\/\/visitova.be\/de\/\"},{\"@type\":\"ListItem\",\"position\":2,\"name\":\"Naturentdeckungen\",\"item\":\"https:\/\/visitova.be\/de\/decouvertes-nature\/\"},{\"@type\":\"ListItem\",\"position\":3,\"name\":\"Packagereisen\"}]},{\"@type\":\"WebSite\",\"@id\":\"https:\/\/visitova.be\/de\/#website\",\"url\":\"https:\/\/visitova.be\/de\/\",\"name\":\"MT Ourthe-Vesdre-Ambl\u00e8ve\",\"description\":\"Bienvenue en Ourthe-Vesdre-Ambl\u00e8ve\",\"potentialAction\":[{\"@type\":\"SearchAction\",\"target\":{\"@type\":\"EntryPoint\",\"urlTemplate\":\"https:\/\/visitova.be\/de\/?s={search_term_string}\"},\"query-input\":{\"@type\":\"PropertyValueSpecification\",\"valueRequired\":true,\"valueName\":\"search_term_string\"}}],\"inLanguage\":\"de\"}]}<\/script>\n<!-- \/ Yoast SEO plugin. -->","yoast_head_json":{"title":"Packagereisen - MT Ourthe-Vesdre-Ambl\u00e8ve","robots":{"index":"index","follow":"follow","max-snippet":"max-snippet:-1","max-image-preview":"max-image-preview:large","max-video-preview":"max-video-preview:-1"},"canonical":"https:\/\/visitova.be\/de\/naturentdeckungen\/packagereisen\/","og_locale":"de_DE","og_type":"article","og_title":"Packagereisen - MT Ourthe-Vesdre-Ambl\u00e8ve","og_description":"Entdecken Siedas Land Ourthe-Vesdre-Ambl\u00e8vezu Fuss, mit dem Fahrrad, hoch zu Ross oder mit dem Kajakin mehreren Tagenvon Unterkunft zu UnterkunftEin organisiertes AbenteuerSie starten von einem G\u00e4stezimmer oder Hotel aus. Jeden Tag f\u00fchrt Sie eine neue Etappe auf den sch\u00f6nsten Wegen zur n\u00e4chsten Unterkunft.Natur und ErbgutDie Routen f\u00fchren zu zahlreichen Sehensw\u00fcrdigkeiten, zu den sch\u00f6nsten Aussichtspunkte und [&hellip;]","og_url":"https:\/\/visitova.be\/de\/naturentdeckungen\/packagereisen\/","og_site_name":"MT Ourthe-Vesdre-Ambl\u00e8ve","article_modified_time":"2023-06-20T09:59:13+00:00","twitter_card":"summary_large_image","twitter_misc":{"Gesch\u00e4tzte Lesezeit":"8\u00a0Minuten"},"schema":{"@context":"https:\/\/schema.org","@graph":[{"@type":"WebPage","@id":"https:\/\/visitova.be\/de\/naturentdeckungen\/packagereisen\/","url":"https:\/\/visitova.be\/de\/naturentdeckungen\/packagereisen\/","name":"Packagereisen - MT Ourthe-Vesdre-Ambl\u00e8ve","isPartOf":{"@id":"https:\/\/visitova.be\/de\/#website"},"datePublished":"2023-06-20T09:59:11+00:00","dateModified":"2023-06-20T09:59:13+00:00","breadcrumb":{"@id":"https:\/\/visitova.be\/de\/naturentdeckungen\/packagereisen\/#breadcrumb"},"inLanguage":"de","potentialAction":[{"@type":"ReadAction","target":["https:\/\/visitova.be\/de\/naturentdeckungen\/packagereisen\/"]}]},{"@type":"BreadcrumbList","@id":"https:\/\/visitova.be\/de\/naturentdeckungen\/packagereisen\/#breadcrumb","itemListElement":[{"@type":"ListItem","position":1,"name":"Accueil","item":"https:\/\/visitova.be\/de\/"},{"@type":"ListItem","position":2,"name":"Naturentdeckungen","item":"https:\/\/visitova.be\/de\/decouvertes-nature\/"},{"@type":"ListItem","position":3,"name":"Packagereisen"}]},{"@type":"WebSite","@id":"https:\/\/visitova.be\/de\/#website","url":"https:\/\/visitova.be\/de\/","name":"MT Ourthe-Vesdre-Ambl\u00e8ve","description":"Bienvenue en Ourthe-Vesdre-Ambl\u00e8ve","potentialAction":[{"@type":"SearchAction","target":{"@type":"EntryPoint","urlTemplate":"https:\/\/visitova.be\/de\/?s={search_term_string}"},"query-input":{"@type":"PropertyValueSpecification","valueRequired":true,"valueName":"search_term_string"}}],"inLanguage":"de"}]}},"_links":{"self":[{"href":"https:\/\/visitova.be\/de\/wp-json\/wp\/v2\/pages\/9251"}],"collection":[{"href":"https:\/\/visitova.be\/de\/wp-json\/wp\/v2\/pages"}],"about":[{"href":"https:\/\/visitova.be\/de\/wp-json\/wp\/v2\/types\/page"}],"author":[{"embeddable":true,"href":"https:\/\/visitova.be\/de\/wp-json\/wp\/v2\/users\/53"}],"replies":[{"embeddable":true,"href":"https:\/\/visitova.be\/de\/wp-json\/wp\/v2\/comments?post=9251"}],"version-history":[{"count":2,"href":"https:\/\/visitova.be\/de\/wp-json\/wp\/v2\/pages\/9251\/revisions"}],"predecessor-version":[{"id":9253,"href":"https:\/\/visitova.be\/de\/wp-json\/wp\/v2\/pages\/9251\/revisions\/9253"}],"up":[{"embeddable":true,"href":"https:\/\/visitova.be\/de\/wp-json\/wp\/v2\/pages\/9353"}],"wp:attachment":[{"href":"https:\/\/visitova.be\/de\/wp-json\/wp\/v2\/media?parent=9251"}],"curies":[{"name":"wp","href":"https:\/\/api.w.org\/{rel}","templated":true}]}}